{"id":2546,"date":"2024-03-08T11:14:03","date_gmt":"2024-03-08T10:14:03","guid":{"rendered":"https:\/\/avipa.es\/?page_id=2546"},"modified":"2025-02-12T13:21:45","modified_gmt":"2025-02-12T12:21:45","slug":"instruccions-de-la-inscripcio","status":"publish","type":"page","link":"https:\/\/avipa.es\/ca\/instruccions-de-la-inscripcio\/","title":{"rendered":"Instruccions de la inscripci\u00f3"},"content":{"rendered":"\n<h2 class=\"wp-block-heading\">INSCRIPCI\u00d3 i 1r PAGAMENT (11 de Febrer al 11 d\u2019Abril):<\/h2>\n\n\n\n<p>A continuaci\u00f3 us informem de les instruccions per a completar el formulari d\u2019inscripci\u00f3 passa per passa.&nbsp;<\/p>\n\n\n\n<ol class=\"wp-block-list\">\n<li>Si no has participat al Casal amb anterioritat o si desitges renovar les dades m\u00e8diques. Escaneja o fotografia el <strong>Cat Salut per davant i per darrere<\/strong> del o de la participant i guarda-la en format PDF o JPEG a l&#8217;ordinador o m\u00f2bil amb qu\u00e8 facis la inscripci\u00f3 amb el nom seg\u00fcent (Curs fill\/a \u2013 Nom i Cognom \u2013 Cat Salut) \u201cExemple: I3 \u2013 Ivan Pariente \u2013 Cat Salut\u201d.<\/li>\n\n\n\n<li>Realitza <strong>el primer pagament<\/strong> del 50% a trav\u00e9s de transfer\u00e8ncia banc\u00e0ria al seg\u00fcent compte bancari: <strong>ES51 2100 0763 9002 0040 7017<\/strong><\/li>\n<\/ol>\n\n\n\n<p><em>*Els descomptes s\u2019aplicaran en el segon pagament. Per tant per aquest pagament el que heu de fer simplement es dividir el total del preu entre dos i realitzar el pagament<\/em><\/p>\n\n\n\n<p><em>\u201cExemple\u201d&nbsp;<\/em><\/p>\n\n\n\n<ul class=\"wp-block-list\">\n<li><em>Participo les 2 setmanes al Casal de Infantil i Prim\u00e0ria (setmana 2,3 i 4)<\/em><\/li>\n\n\n\n<li><em>Preu x setmana = 195\u20ac<\/em><\/li>\n\n\n\n<li><em>Preu total 2 setmanes =&nbsp; 195\u20ac x 2 = 390\u20ac&nbsp;<\/em><\/li>\n\n\n\n<li><em>Primer pagament = 390\u20ac\/2 = <\/em><strong><em>195\u20ac<\/em><\/strong><\/li>\n<\/ul>\n\n\n\n<ol start=\"2\" class=\"wp-block-list\">\n<li>Un cop realitzat el pagament, sol\u00b7licita el comprovant bancari, descarrega\u2019l i guarda\u2019l en format PDF amb el seg\u00fcent nom: (Curs fill\/a \u2013 Nom i Cognom \u2013 1r Pagament)&nbsp;<\/li>\n\n\n\n<li>Accedeix al formulari fent clic al seg\u00fcent enlla\u00e7: <a href=\"https:\/\/forms.gle\/unb6KQyrMgS7FmFu6\">https:\/\/forms.gle\/unb6KQyrMgS7FmFu6<\/a> o accedint a l\u2019enlla\u00e7 que trobareu a la p\u00e0gina web de l\u2019escola (Projectes \u2013 Casal 2025 \u2013 Inscripci\u00f3) o la p\u00e0gina web d\u2019AVIPA (Inscriure alumne \u2013 Concepcionistes \u2013 Casal d\u2019Estiu \u2013 Inscriu-te ara)<\/li>\n\n\n\n<li>Un cop dins de la p\u00e0gina del formulari, llegir\u00e0s una breu descripci\u00f3 del que tracta el formulari. Per iniciar el formulari haur\u00e0s de proporcionar un correu electr\u00f2nic v\u00e0lid. Al completar el formulari rebr\u00e0s un correu autom\u00e0tic amb les respostes al mateix correu que ens indiquis al principi.&nbsp;<\/li>\n\n\n\n<li>Comen\u00e7a a completar el formulari. El formulari est\u00e0 dividit en sis seccions diferents.<\/li>\n<\/ol>\n\n\n\n<ul class=\"wp-block-list\">\n<li><strong>Secci\u00f3 <\/strong>1 <strong>&#8220;Dades personals del nen\/a&#8221;:<\/strong> haur\u00e0s d&#8217;omplir la informaci\u00f3 personal del teu fill\/a, com ara el nom complet, la data de naixement, setmanes de casal que participar\u00e0&#8230;<\/li>\n<\/ul>\n\n\n\n<p><\/p>\n\n\n\n<ul class=\"wp-block-list\">\n<li><strong>Secci\u00f3 2 &#8220;Documentaci\u00f3&#8221;:<\/strong> haur\u00e0s de penjar el comprovant bancari:\u00a0<\/li>\n<\/ul>\n\n\n\n<ol class=\"wp-block-list\">\n<li>Comprovant bancari del primer pagament corresponent al 50% de l&#8217;import total del casal (els descomptes s\u2019inclouran en el 2n pagament).&nbsp;<\/li>\n<\/ol>\n\n\n\n<p>* El format dels documents ha de ser preferiblement en format pdf. \u00c9s important penjar els arxius amb els noms indicats al formulari. (Curs actual \u2013 Nom i Cognom \u2013 t\u00edtol document) \u201cExemple: I3 \u2013 Ivan Pariente \u2013 1r Pagament\u201d.<br><\/p>\n\n\n\n<ul class=\"wp-block-list\">\n<li><strong>Secci\u00f3 3 &#8220;Informaci\u00f3 m\u00e8dica&#8221;:<\/strong> Si ja has participat amb anterioritat podr\u00e0s reutilitzar les dades dels anys anteriors en aquest apartat. Si, ets nou participant o les vols tornar a omplir, haur\u00e0s de proporcionar informaci\u00f3 sobre la salut del teu fill\/a, incloent la targeta sanit\u00e0ria del Cat Salut. En cas que el teu fill\/a tingui alguna situaci\u00f3 especial, haur\u00e0s de proporcionar informaci\u00f3 detallada per tal de garantir la seva salut durant el casal. Si m\u00e9s endavant sorg\u00eds alguna situaci\u00f3 especial, ens ho podeu comunicar per correu electr\u00f2nic.<br><\/li>\n\n\n\n<li><strong>Secci\u00f3 4 &#8220;Dades de contacte&#8221;:<\/strong> Si ja has participat amb anterioritat podr\u00e0s reutilitzar les dades dels anys anteriors en aquest apartat. Si, ets nou participant o les vols tornar a omplir, haur\u00e0s de proporcionar les teves dades de contacte com a pare\/mare\/tutor legal, com ara el teu nom complet, el teu correu electr\u00f2nic i el teu n\u00famero de tel\u00e8fon.<br><\/li>\n\n\n\n<li><strong>Secci\u00f3 5 &#8220;Signatura, confirmaci\u00f3 i protecci\u00f3 de dades&#8221;:<\/strong> haur\u00e0s de signar el formulari i confirmar que has llegit i acceptat les condicions i la pol\u00edtica de privacitat.&nbsp;<br><\/li>\n\n\n\n<li><strong>Secci\u00f3 6 \u201cAjuda\u2019ns a preparar Activitats pel Setembre\u201d:<\/strong> Aquets apartat \u00e9s totalment opcional, que ens ajudar\u00e0 a veure si podem oferir un Casalet la primera setmana de Setembre, i tamb\u00e9 poder oferir les tecnificacions. Qualsevol idea o suggeriment ser\u00e0 ben rebut.&nbsp;<\/li>\n<\/ul>\n\n\n\n<ol start=\"6\" class=\"wp-block-list\">\n<li>Finalment, clica a enviar el formulari. Rebr\u00e0s un correu confirmant que has completat el formulari.&nbsp;<\/li>\n\n\n\n<li>Revisa que has rebut el correu electr\u00f2nic i assegura&#8217;t d\u2019haver completat totes les seccions i que tota la informaci\u00f3 sigui precisa.<\/li>\n\n\n\n<li>Felicitats, el vostre fill\/a ja est\u00e0 inscrit al Casal d\u2019estiu 2025. Moltes gr\u00e0cies per confiar en nosaltres.&nbsp;<\/li>\n<\/ol>\n\n\n\n<p>Espero que aquestes instruccions t&#8217;ajudin a completar el formulari amb \u00e8xit. Si tens alguna pregunta o necessites m\u00e9s ajuda, no dubtis en preguntar a trav\u00e9s del correu <a href=\"mailto:casalestiu@concepcionistas.es\">casalestiu@concepcionistas.es<\/a><\/p>\n\n\n\n<h2 class=\"wp-block-heading\">2n PAGAMENT (23 d\u2019Abril al 10 de Maig):<\/h2>\n\n\n\n<ol class=\"wp-block-list\">\n<li>Realitza <strong>el&nbsp; segon pagament<\/strong> del 50% restant a trav\u00e9s de transfer\u00e8ncia banc\u00e0ria al seg\u00fcent compte bancari: <strong>ES51 2100 0763 9002 0040 7017<\/strong><\/li>\n<\/ol>\n\n\n\n<p>En cas de ser aplicable a algun dels descomptes oferts per AVIPA els haureu d\u2019aplicar en aquest segon pagament.&nbsp;<\/p>\n\n\n\n<p>Per tant per aquest segon pagament aplicarem el descompte al que tenim pendent de pagar.&nbsp;<\/p>\n\n\n\n<p><em>\u201cExemple\u201d&nbsp;<\/em><\/p>\n\n\n\n<ul class=\"wp-block-list\">\n<li><em>Participo 3 setmanes al Casal de la ESO(setmana 2,3 i 4) i tinc el 10% de descompte.&nbsp;<\/em><\/li>\n\n\n\n<li><em>Preu x setmana = 200\u20ac<\/em><\/li>\n\n\n\n<li><em>Preu total 3 setmanes =&nbsp; 200\u20ac x 3 = 600\u20ac&nbsp;<\/em><\/li>\n\n\n\n<li><em>Descompte 3 setmanes = 15\u20ac<\/em><\/li>\n\n\n\n<li><em>Descompte amic (vindr\u00e0 2 setmanes) = 10\u20ac<\/em><\/li>\n\n\n\n<li><em>Preu total = 600\u20ac &#8211; 15\u20ac -10\u20ac = 575\u20ac<\/em><\/li>\n\n\n\n<li><em>Descompte 10% = 57,5\u20ac<\/em><\/li>\n\n\n\n<li><em>Segon pagament = 600\u20ac\/2 \u2013 15\u20ac &#8211; 10\u20ac -57,5\u20ac = <\/em><strong><em>217,5\u20ac (descompte total de 82,5\u20ac)<\/em><\/strong><\/li>\n<\/ul>\n\n\n\n<ol start=\"2\" class=\"wp-block-list\">\n<li>Un cop realitzat el pagament, sol\u00b7licita el comprovant bancari, descarrega\u2019l i guarda\u2019l en format PDF amb el seg\u00fcent nom: (Curs fill\/a \u2013 Nom i Cognom \u2013 Comprovant Bancari 2n pagament)&nbsp;<\/li>\n\n\n\n<li>Accedeix al formulari fent clic al seg\u00fcent enlla\u00e7: <a href=\"https:\/\/forms.gle\/7ode96B4KVEDHUCC7\">https:\/\/forms.gle\/7ode96B4KVEDHUCC7<\/a> o accedint a l\u2019enlla\u00e7 que trobareu a la p\u00e0gina web de l\u2019escola (Projectes \u2013 Casal 2024 \u2013 Formulari 2n Pagament) o la p\u00e0gina web d\u2019AVIPA (Inscriure alumne \u2013 Concepcionistes \u2013 Casal d\u2019Estiu \u2013 2n Pagament)<\/li>\n\n\n\n<li>Per iniciar el formulari haur\u00e0s de proporcionar un correu electr\u00f2nic v\u00e0lid. Al completar el formulari rebr\u00e0s un correu autom\u00e0tic amb les respostes al mateix correu que ens indiquis al principi.&nbsp;<\/li>\n\n\n\n<li>Comen\u00e7a a completar el formulari. El formulari consta d\u2019una sola secci\u00f3.<\/li>\n<\/ol>\n\n\n\n<ul class=\"wp-block-list\">\n<li><strong>Secci\u00f3 1 &#8220;Documentaci\u00f3&#8221;:<\/strong> haur\u00e0s de penjar 1 document:&nbsp;<\/li>\n<\/ul>\n\n\n\n<ol class=\"wp-block-list\">\n<li>Nom i cognoms de l\u2019alumne<\/li>\n\n\n\n<li>Curs<\/li>\n\n\n\n<li>Setmanes que participa<\/li>\n\n\n\n<li>Comprovant bancari del segon pagament corresponent al 50% restant de l&#8217;import total del casal (incloent-hi els descomptes corresponents).&nbsp;<\/li>\n<\/ol>\n\n\n\n<p>* El format dels document ser\u00e0 en format PDF.&nbsp; (\u00c9s important penjar els arxius amb els noms indicats al formulari. (Curs actual \u2013 Nom i Cognom \u2013 Comprovant Bancari 2n pagament) \u201cExemple: I3 \u2013 Ivan Pariente \u2013 Comprovant Bancari 2n pagament).<\/p>\n\n\n\n<h2 class=\"wp-block-heading\">PREGUNTES FREQ\u00dcENTS:<\/h2>\n\n\n\n<ul class=\"wp-block-list\">\n<li><strong>Es pot pagar en efectiu?<\/strong><\/li>\n<\/ul>\n\n\n\n<p>Si, oferim la possibilitat de realitzar el pagament en efectiu. En cas de voler fer el pagament en efectiu. Us haur\u00edeu de posar en contacte amb nosaltres a trav\u00e9s del correu electr\u00f2nic i trobar un moment per donar els diners a l\u2019Ivan Pariente. L\u2019horari habitual on podeu trobar-lo a l\u2019escola \u00e9s de dilluns a divendres de 7:45 h a 8:45 h del mat\u00ed. I de 16:50 h a 18:00 h de la tarda.&nbsp;<\/p>\n\n\n\n<ul class=\"wp-block-list\">\n<li><strong>Es pot realitzar un pagament \u00fanic?<\/strong><\/li>\n<\/ul>\n\n\n\n<p>Si, es pot fer un sol pagament de la totalitat del Casal. En cas de fer pagament \u00fanic al nom del comprovant un cop completeu la inscripci\u00f3, haureu de completar-lo de la seg\u00fcent manera; (Curs actual \u2013 Nom i Cognom \u2013 Pagament \u00fanic) \u201cExemple: I3 \u2013 Ivan Pariente \u2013 Pagament \u00fanic).<\/p>\n\n\n\n<ul class=\"wp-block-list\">\n<li><strong>Si tinc m\u00e9s d\u2019un fill\/a he de realitzar diferents formularis?<\/strong><\/li>\n<\/ul>\n\n\n\n<p>Si, un cop acabis el formulari del primer fill\/a, pots clicar al bot\u00f3 del final del formulari \u201cenvia una altre resposta\u201d i tornar-lo a completar utilitzant el mateix correu.&nbsp;<\/p>\n\n\n\n<ul class=\"wp-block-list\">\n<li><strong>Si tinc m\u00e9s d\u2019un fill\/a he de realitzar diferents pagaments?<\/strong><\/li>\n<\/ul>\n\n\n\n<p>Si, agrairem rebre diferents pagaments per tal de tenir millor controlat els pagaments. Si hi ha alguna fam\u00edlia amb m\u00e9s de dos fills\/es, agrairem que es posin en contacte amb nosaltres per valorar la opci\u00f3 de fer un \u00fanic pagament per tots\/es els fills\/es.&nbsp;<\/p>\n\n\n\n<ul class=\"wp-block-list\">\n<li><strong>Si cometo una errada puc editar-ho?&nbsp;<\/strong><\/li>\n<\/ul>\n\n\n\n<p>Si, haur\u00e0s d\u2019anar al correu rebut i clicar a editar. A partir d\u2019all\u00e0 podr\u00e0s editar el que hagis de canviar. En cas d\u2019editar alguna cosa un cop tancat el per\u00edode d\u2019inscripci\u00f3 necessitar\u00edem que ens envieu un correu informant del canvi per assegurar que tenim comptabilitzat el canvi. Si es tracta de canvi de setmanes o canvi de talla de samarretes podria suposar un cost addicional (sempre que estigui fora de termini d\u2019inscripcions).<\/p>\n\n\n\n<ul class=\"wp-block-list\">\n<li><strong>Els descomptes tenen l\u00edmit?&nbsp;<\/strong><\/li>\n<\/ul>\n\n\n\n<p>No hi ha l\u00edmit de descomptes i s\u00f3n acumulables, com m\u00e9s amics portis i m\u00e9s setmanes participis i participin ells m\u00e9s econ\u00f2mic sortir\u00e0 el Casal per al vostre fill\/a.&nbsp;Pots trobar tota la informaci\u00f3 dels descomptes fent click <a href=\"https:\/\/avipa.es\/ca\/tots-descomptes-casal-destiu-2025-com-funcionen-i-com-aprofitar-los\/\"><mark style=\"background-color:rgba(0, 0, 0, 0)\" class=\"has-inline-color has-luminous-vivid-orange-color\">aqu\u00ed.<\/mark><\/a><\/p>\n\n\n\n<p><\/p>\n","protected":false},"excerpt":{"rendered":"<p>INSCRIPCI\u00d3 i 1r PAGAMENT (11 de Febrer al 11 d\u2019Abril): A continuaci\u00f3 us informem de les instruccions per a completar el formulari d\u2019inscripci\u00f3 passa per passa.&nbsp; *Els descomptes s\u2019aplicaran en el segon pagament. Per tant per aquest pagament el que heu de fer simplement es dividir el total del preu entre dos i realitzar el [&hellip;]<\/p>\n","protected":false},"author":3,"featured_media":0,"parent":0,"menu_order":0,"comment_status":"closed","ping_status":"closed","template":"","meta":{"footnotes":""},"class_list":["post-2546","page","type-page","status-publish","hentry"],"yoast_head":"<!-- This site is optimized with the Yoast SEO plugin v27.5 - https:\/\/yoast.com\/product\/yoast-seo-wordpress\/ -->\n<title>Instruccions de la inscripci\u00f3 - AVIPA<\/title>\n<meta name=\"description\" content=\"Les instruccions de la inscripci\u00f3 al Casal d&#039;Estiu 2025 d&#039;AVIPA a l&#039;escola Concepcionistes de Barcelona. Inscriu-te!\" \/>\n<meta name=\"robots\" content=\"index, follow, max-snippet:-1, max-image-preview:large, max-video-preview:-1\" \/>\n<link rel=\"canonical\" href=\"https:\/\/avipa.es\/ca\/instruccions-de-la-inscripcio\/\" \/>\n<meta property=\"og:locale\" content=\"ca_ES\" \/>\n<meta property=\"og:type\" content=\"article\" \/>\n<meta property=\"og:title\" content=\"Instruccions de la inscripci\u00f3 - AVIPA\" \/>\n<meta property=\"og:description\" content=\"Les instruccions de la inscripci\u00f3 al Casal d&#039;Estiu 2025 d&#039;AVIPA a l&#039;escola Concepcionistes de Barcelona. Inscriu-te!\" \/>\n<meta property=\"og:url\" content=\"https:\/\/avipa.es\/ca\/instruccions-de-la-inscripcio\/\" \/>\n<meta property=\"og:site_name\" content=\"AVIPA\" \/>\n<meta property=\"article:modified_time\" content=\"2025-02-12T12:21:45+00:00\" \/>\n<meta name=\"twitter:card\" content=\"summary_large_image\" \/>\n<meta name=\"twitter:label1\" content=\"Temps estimat de lectura\" \/>\n\t<meta name=\"twitter:data1\" content=\"6 minuts\" \/>\n<script type=\"application\/ld+json\" class=\"yoast-schema-graph\">{\"@context\":\"https:\\\/\\\/schema.org\",\"@graph\":[{\"@type\":\"WebPage\",\"@id\":\"https:\\\/\\\/avipa.es\\\/ca\\\/instruccions-de-la-inscripcio\\\/\",\"url\":\"https:\\\/\\\/avipa.es\\\/ca\\\/instruccions-de-la-inscripcio\\\/\",\"name\":\"Instruccions de la inscripci\u00f3 - AVIPA\",\"isPartOf\":{\"@id\":\"https:\\\/\\\/avipa.es\\\/ca\\\/#website\"},\"datePublished\":\"2024-03-08T10:14:03+00:00\",\"dateModified\":\"2025-02-12T12:21:45+00:00\",\"description\":\"Les instruccions de la inscripci\u00f3 al Casal d'Estiu 2025 d'AVIPA a l'escola Concepcionistes de Barcelona. Inscriu-te!\",\"breadcrumb\":{\"@id\":\"https:\\\/\\\/avipa.es\\\/ca\\\/instruccions-de-la-inscripcio\\\/#breadcrumb\"},\"inLanguage\":\"ca\",\"potentialAction\":[{\"@type\":\"ReadAction\",\"target\":[\"https:\\\/\\\/avipa.es\\\/ca\\\/instruccions-de-la-inscripcio\\\/\"]}]},{\"@type\":\"BreadcrumbList\",\"@id\":\"https:\\\/\\\/avipa.es\\\/ca\\\/instruccions-de-la-inscripcio\\\/#breadcrumb\",\"itemListElement\":[{\"@type\":\"ListItem\",\"position\":1,\"name\":\"Portada\",\"item\":\"https:\\\/\\\/avipa.es\\\/ca\\\/\"},{\"@type\":\"ListItem\",\"position\":2,\"name\":\"Instruccions de la inscripci\u00f3\"}]},{\"@type\":\"WebSite\",\"@id\":\"https:\\\/\\\/avipa.es\\\/ca\\\/#website\",\"url\":\"https:\\\/\\\/avipa.es\\\/ca\\\/\",\"name\":\"AVIPA\",\"description\":\"Actividades extraescolares para ni\u00f1os\",\"potentialAction\":[{\"@type\":\"SearchAction\",\"target\":{\"@type\":\"EntryPoint\",\"urlTemplate\":\"https:\\\/\\\/avipa.es\\\/ca\\\/?s={search_term_string}\"},\"query-input\":{\"@type\":\"PropertyValueSpecification\",\"valueRequired\":true,\"valueName\":\"search_term_string\"}}],\"inLanguage\":\"ca\"}]}<\/script>\n<!-- \/ Yoast SEO plugin. -->","yoast_head_json":{"title":"Instruccions de la inscripci\u00f3 - AVIPA","description":"Les instruccions de la inscripci\u00f3 al Casal d'Estiu 2025 d'AVIPA a l'escola Concepcionistes de Barcelona. Inscriu-te!","robots":{"index":"index","follow":"follow","max-snippet":"max-snippet:-1","max-image-preview":"max-image-preview:large","max-video-preview":"max-video-preview:-1"},"canonical":"https:\/\/avipa.es\/ca\/instruccions-de-la-inscripcio\/","og_locale":"ca_ES","og_type":"article","og_title":"Instruccions de la inscripci\u00f3 - AVIPA","og_description":"Les instruccions de la inscripci\u00f3 al Casal d'Estiu 2025 d'AVIPA a l'escola Concepcionistes de Barcelona. Inscriu-te!","og_url":"https:\/\/avipa.es\/ca\/instruccions-de-la-inscripcio\/","og_site_name":"AVIPA","article_modified_time":"2025-02-12T12:21:45+00:00","twitter_card":"summary_large_image","twitter_misc":{"Temps estimat de lectura":"6 minuts"},"schema":{"@context":"https:\/\/schema.org","@graph":[{"@type":"WebPage","@id":"https:\/\/avipa.es\/ca\/instruccions-de-la-inscripcio\/","url":"https:\/\/avipa.es\/ca\/instruccions-de-la-inscripcio\/","name":"Instruccions de la inscripci\u00f3 - AVIPA","isPartOf":{"@id":"https:\/\/avipa.es\/ca\/#website"},"datePublished":"2024-03-08T10:14:03+00:00","dateModified":"2025-02-12T12:21:45+00:00","description":"Les instruccions de la inscripci\u00f3 al Casal d'Estiu 2025 d'AVIPA a l'escola Concepcionistes de Barcelona. Inscriu-te!","breadcrumb":{"@id":"https:\/\/avipa.es\/ca\/instruccions-de-la-inscripcio\/#breadcrumb"},"inLanguage":"ca","potentialAction":[{"@type":"ReadAction","target":["https:\/\/avipa.es\/ca\/instruccions-de-la-inscripcio\/"]}]},{"@type":"BreadcrumbList","@id":"https:\/\/avipa.es\/ca\/instruccions-de-la-inscripcio\/#breadcrumb","itemListElement":[{"@type":"ListItem","position":1,"name":"Portada","item":"https:\/\/avipa.es\/ca\/"},{"@type":"ListItem","position":2,"name":"Instruccions de la inscripci\u00f3"}]},{"@type":"WebSite","@id":"https:\/\/avipa.es\/ca\/#website","url":"https:\/\/avipa.es\/ca\/","name":"AVIPA","description":"Actividades extraescolares para ni\u00f1os","potentialAction":[{"@type":"SearchAction","target":{"@type":"EntryPoint","urlTemplate":"https:\/\/avipa.es\/ca\/?s={search_term_string}"},"query-input":{"@type":"PropertyValueSpecification","valueRequired":true,"valueName":"search_term_string"}}],"inLanguage":"ca"}]}},"meta_box":[],"_links":{"self":[{"href":"https:\/\/avipa.es\/ca\/wp-json\/wp\/v2\/pages\/2546","targetHints":{"allow":["GET"]}}],"collection":[{"href":"https:\/\/avipa.es\/ca\/wp-json\/wp\/v2\/pages"}],"about":[{"href":"https:\/\/avipa.es\/ca\/wp-json\/wp\/v2\/types\/page"}],"author":[{"embeddable":true,"href":"https:\/\/avipa.es\/ca\/wp-json\/wp\/v2\/users\/3"}],"replies":[{"embeddable":true,"href":"https:\/\/avipa.es\/ca\/wp-json\/wp\/v2\/comments?post=2546"}],"version-history":[{"count":7,"href":"https:\/\/avipa.es\/ca\/wp-json\/wp\/v2\/pages\/2546\/revisions"}],"predecessor-version":[{"id":3452,"href":"https:\/\/avipa.es\/ca\/wp-json\/wp\/v2\/pages\/2546\/revisions\/3452"}],"wp:attachment":[{"href":"https:\/\/avipa.es\/ca\/wp-json\/wp\/v2\/media?parent=2546"}],"curies":[{"name":"wp","href":"https:\/\/api.w.org\/{rel}","templated":true}]}}